{"id":2571,"date":"2014-04-24T08:58:29","date_gmt":"2014-04-24T12:58:29","guid":{"rendered":"http:\/\/www.nbrhc.on.ca\/?page_id=2571"},"modified":"2021-08-19T13:29:49","modified_gmt":"2021-08-19T17:29:49","slug":"programme-regional-de-traitement-des-demences-pavillon-du-chene","status":"publish","type":"page","link":"https:\/\/nbrhc.on.ca\/fr\/programme-et-services\/programmes-et-services-de-sante-mentale\/programme-regional-specialise-de-sante-mentale\/programme-regional-de-traitement-des-demences-pavillon-du-chene\/","title":{"rendered":"Programme r\u00e9gional de traitement des d\u00e9mences (Pavillon du ch\u00eane)"},"content":{"rendered":"<p>Ce programme pr\u00e9voit une gamme compl\u00e8te de services sp\u00e9cialis\u00e9s d\u2019\u00e9valuation et de traitement \u00e0 l\u2019intention des personnes \u00e2g\u00e9es (habituellement de plus de 65 ans) ou d\u2019adultes atteints d\u2019un trouble cognitif li\u00e9 au vieillissement, qui se complique par des sympt\u00f4mes comportementaux et psychologiques ou des comorbidit\u00e9s m\u00e9dicales qui d\u00e9passent la capacit\u00e9 de la communaut\u00e9, de l\u2019h\u00f4pital g\u00e9n\u00e9ral, des services de soins continus complexes et du syst\u00e8me de soins de longue dur\u00e9e.<\/p>\n<ul>\n<li>Maladie d\u2019Alzheimer<\/li>\n<li>Maladie c\u00e9r\u00e9brovasculaire<\/li>\n<li>Troubles cognitifs mixtes<\/li>\n<li>D\u00e9g\u00e9n\u00e9rescences fronto-temporales<\/li>\n<li>Maladie \u00e0 corps de Lewy<\/li>\n<\/ul>\n<p>Le programme a pour but de faciliter les changements et les am\u00e9liorations au moyen d\u2019activit\u00e9s qui\u00a0:<\/p>\n<ul>\n<li>am\u00e9liorent la qualit\u00e9 de vie g\u00e9n\u00e9rale du patient en renfor\u00e7ant ses habilet\u00e9s ou en lui permettant de les conserver;<\/li>\n<li>favorisent l\u2019engagement du patient, de la famille et des partenaires en soins;<\/li>\n<li>offrent des possibilit\u00e9s d\u2019apprentissage afin de renforcer la capacit\u00e9 de la communaut\u00e9;<\/li>\n<li>assurent la transition du patient \u00e0 l\u2019emplacement communautaire qui r\u00e9pondra le mieux \u00e0 ses besoins apr\u00e8s sa mise en cong\u00e9.<\/li>\n<\/ul>\n","protected":false},"excerpt":{"rendered":"<p>Services sp\u00e9cialis\u00e9s d\u2019\u00e9valuation et de traitement \u00e0 l\u2019intention des personnes \u00e2g\u00e9es ou d\u2019adultes atteints d\u2019un trouble cognitif li\u00e9 au vieillissement, qui se complique par des sympt\u00f4mes comportementaux et psychologiques ou des comorbidit\u00e9s m\u00e9dicales qui d\u00e9passent la capacit\u00e9 de la communaut\u00e9, de l\u2019h\u00f4pital g\u00e9n\u00e9ral, des services de soins continus complexes et du syst\u00e8me de soins de longue dur\u00e9e.<\/p>\n","protected":false},"author":17,"featured_media":0,"parent":3003,"menu_order":0,"comment_status":"open","ping_status":"open","template":"","meta":{"_acf_changed":false,"_monsterinsights_skip_tracking":false,"_monsterinsights_sitenote_active":false,"_monsterinsights_sitenote_note":"","_monsterinsights_sitenote_category":0,"footnotes":"","_links_to":"","_links_to_target":"","_wp_rev_ctl_limit":""},"tags":[1069,1068,1071,1070],"class_list":["post-2571","page","type-page","status-publish","hentry","tag-pavillon-du-chene","tag-programme-regional-de-traitement-des-demences","tag-programme-regional-des-demences","tag-traitement-des-demences"],"acf":[],"yoast_head":"<!-- This site is optimized with the Yoast SEO plugin v27.4 - https:\/\/yoast.com\/product\/yoast-seo-wordpress\/ -->\n<title>Programme r\u00e9gional de traitement des d\u00e9mences (Pavillon du ch\u00eane)<\/title>\n<meta name=\"description\" content=\"Le programme r\u00e9gional de soins aux personnes atteintes de d\u00e9mence offre une \u00e9valuation et un traitement sp\u00e9cialis\u00e9s des patients atteints de d\u00e9mence li\u00e9e \u00e0 l&#039;\u00e2ge\" \/>\n<meta name=\"robots\" content=\"index, follow, max-snippet:-1, max-image-preview:large, max-video-preview:-1\" \/>\n<link rel=\"canonical\" href=\"https:\/\/nbrhc.on.ca\/fr\/programme-et-services\/programmes-et-services-de-sante-mentale\/programme-regional-specialise-de-sante-mentale\/programme-regional-de-traitement-des-demences-pavillon-du-chene\/\" \/>\n<meta property=\"og:locale\" content=\"fr_FR\" \/>\n<meta property=\"og:type\" content=\"article\" \/>\n<meta property=\"og:title\" content=\"Programme r\u00e9gional de traitement des d\u00e9mences (Pavillon du ch\u00eane)\" \/>\n<meta property=\"og:description\" content=\"Le programme r\u00e9gional de soins aux personnes atteintes de d\u00e9mence offre une \u00e9valuation et un traitement sp\u00e9cialis\u00e9s des patients atteints de d\u00e9mence li\u00e9e \u00e0 l&#039;\u00e2ge\" \/>\n<meta property=\"og:url\" content=\"https:\/\/nbrhc.on.ca\/fr\/programme-et-services\/programmes-et-services-de-sante-mentale\/programme-regional-specialise-de-sante-mentale\/programme-regional-de-traitement-des-demences-pavillon-du-chene\/\" \/>\n<meta property=\"og:site_name\" content=\"NBRHC\" \/>\n<meta property=\"article:publisher\" content=\"https:\/\/www.facebook.com\/nbrhc\" \/>\n<meta property=\"article:modified_time\" content=\"2021-08-19T17:29:49+00:00\" \/>\n<meta property=\"og:image\" content=\"https:\/\/nbrhc.on.ca\/wp-content\/uploads\/2015\/07\/icon_col.jpeg\" \/>\n\t<meta property=\"og:image:width\" content=\"619\" \/>\n\t<meta property=\"og:image:height\" content=\"619\" \/>\n\t<meta property=\"og:image:type\" content=\"image\/jpeg\" \/>\n<meta name=\"twitter:label1\" content=\"Dur\u00e9e de lecture estim\u00e9e\" \/>\n\t<meta name=\"twitter:data1\" content=\"1 minute\" \/>\n<script type=\"application\/ld+json\" class=\"yoast-schema-graph\">{\"@context\":\"https:\\\/\\\/schema.org\",\"@graph\":[{\"@type\":\"WebPage\",\"@id\":\"https:\\\/\\\/nbrhc.on.ca\\\/fr\\\/programme-et-services\\\/programmes-et-services-de-sante-mentale\\\/programme-regional-specialise-de-sante-mentale\\\/programme-regional-de-traitement-des-demences-pavillon-du-chene\\\/\",\"url\":\"https:\\\/\\\/nbrhc.on.ca\\\/fr\\\/programme-et-services\\\/programmes-et-services-de-sante-mentale\\\/programme-regional-specialise-de-sante-mentale\\\/programme-regional-de-traitement-des-demences-pavillon-du-chene\\\/\",\"name\":\"Programme r\u00e9gional de traitement des d\u00e9mences (Pavillon du ch\u00eane)\",\"isPartOf\":{\"@id\":\"https:\\\/\\\/nbrhc.on.ca\\\/#website\"},\"datePublished\":\"2014-04-24T12:58:29+00:00\",\"dateModified\":\"2021-08-19T17:29:49+00:00\",\"description\":\"Le programme r\u00e9gional de soins aux personnes atteintes de d\u00e9mence offre une \u00e9valuation et un traitement sp\u00e9cialis\u00e9s des patients atteints de d\u00e9mence li\u00e9e \u00e0 l'\u00e2ge\",\"breadcrumb\":{\"@id\":\"https:\\\/\\\/nbrhc.on.ca\\\/fr\\\/programme-et-services\\\/programmes-et-services-de-sante-mentale\\\/programme-regional-specialise-de-sante-mentale\\\/programme-regional-de-traitement-des-demences-pavillon-du-chene\\\/#breadcrumb\"},\"inLanguage\":\"fr-FR\",\"potentialAction\":[{\"@type\":\"ReadAction\",\"target\":[\"https:\\\/\\\/nbrhc.on.ca\\\/fr\\\/programme-et-services\\\/programmes-et-services-de-sante-mentale\\\/programme-regional-specialise-de-sante-mentale\\\/programme-regional-de-traitement-des-demences-pavillon-du-chene\\\/\"]}]},{\"@type\":\"BreadcrumbList\",\"@id\":\"https:\\\/\\\/nbrhc.on.ca\\\/fr\\\/programme-et-services\\\/programmes-et-services-de-sante-mentale\\\/programme-regional-specialise-de-sante-mentale\\\/programme-regional-de-traitement-des-demences-pavillon-du-chene\\\/#breadcrumb\",\"itemListElement\":[{\"@type\":\"ListItem\",\"position\":1,\"name\":\"Home\",\"item\":\"https:\\\/\\\/nbrhc.on.ca\\\/fr\\\/\"},{\"@type\":\"ListItem\",\"position\":2,\"name\":\"Programmes et services\",\"item\":\"https:\\\/\\\/nbrhc.on.ca\\\/fr\\\/programme-et-services\\\/\"},{\"@type\":\"ListItem\",\"position\":3,\"name\":\"Programmes et services de sant\u00e9 mentale\",\"item\":\"https:\\\/\\\/nbrhc.on.ca\\\/fr\\\/programme-et-services\\\/programmes-et-services-de-sante-mentale\\\/\"},{\"@type\":\"ListItem\",\"position\":4,\"name\":\"Programme r\u00e9gional sp\u00e9cialis\u00e9 de sant\u00e9 mentale\",\"item\":\"https:\\\/\\\/nbrhc.on.ca\\\/fr\\\/programme-et-services\\\/programmes-et-services-de-sante-mentale\\\/programme-regional-specialise-de-sante-mentale\\\/\"},{\"@type\":\"ListItem\",\"position\":5,\"name\":\"Programme r\u00e9gional de traitement des d\u00e9mences (Pavillon du ch\u00eane)\"}]},{\"@type\":\"WebSite\",\"@id\":\"https:\\\/\\\/nbrhc.on.ca\\\/#website\",\"url\":\"https:\\\/\\\/nbrhc.on.ca\\\/\",\"name\":\"NBRHC\",\"description\":\"North Bay Regional Health Centre\",\"publisher\":{\"@id\":\"https:\\\/\\\/nbrhc.on.ca\\\/#organization\"},\"potentialAction\":[{\"@type\":\"SearchAction\",\"target\":{\"@type\":\"EntryPoint\",\"urlTemplate\":\"https:\\\/\\\/nbrhc.on.ca\\\/?s={search_term_string}\"},\"query-input\":{\"@type\":\"PropertyValueSpecification\",\"valueRequired\":true,\"valueName\":\"search_term_string\"}}],\"inLanguage\":\"fr-FR\"},{\"@type\":\"Organization\",\"@id\":\"https:\\\/\\\/nbrhc.on.ca\\\/#organization\",\"name\":\"North Bay Regional Health Centre\",\"url\":\"https:\\\/\\\/nbrhc.on.ca\\\/\",\"logo\":{\"@type\":\"ImageObject\",\"inLanguage\":\"fr-FR\",\"@id\":\"https:\\\/\\\/nbrhc.on.ca\\\/#\\\/schema\\\/logo\\\/image\\\/\",\"url\":\"https:\\\/\\\/nbrhc.on.ca\\\/wp-content\\\/uploads\\\/2015\\\/07\\\/logo.jpg\",\"contentUrl\":\"https:\\\/\\\/nbrhc.on.ca\\\/wp-content\\\/uploads\\\/2015\\\/07\\\/logo.jpg\",\"width\":870,\"height\":128,\"caption\":\"North Bay Regional Health Centre\"},\"image\":{\"@id\":\"https:\\\/\\\/nbrhc.on.ca\\\/#\\\/schema\\\/logo\\\/image\\\/\"},\"sameAs\":[\"https:\\\/\\\/www.facebook.com\\\/nbrhc\",\"https:\\\/\\\/x.com\\\/NBRHC\",\"https:\\\/\\\/www.linkedin.com\\\/company\\\/north-bay-regional-health-centre-nbrhc\",\"https:\\\/\\\/www.pinterest.com\\\/nbrhc\",\"https:\\\/\\\/www.youtube.com\\\/TheNBRHC\"]}]}<\/script>\n<!-- \/ Yoast SEO plugin. -->","yoast_head_json":{"title":"Programme r\u00e9gional de traitement des d\u00e9mences (Pavillon du ch\u00eane)","description":"Le programme r\u00e9gional de soins aux personnes atteintes de d\u00e9mence offre une \u00e9valuation et un traitement sp\u00e9cialis\u00e9s des patients atteints de d\u00e9mence li\u00e9e \u00e0 l'\u00e2ge","robots":{"index":"index","follow":"follow","max-snippet":"max-snippet:-1","max-image-preview":"max-image-preview:large","max-video-preview":"max-video-preview:-1"},"canonical":"https:\/\/nbrhc.on.ca\/fr\/programme-et-services\/programmes-et-services-de-sante-mentale\/programme-regional-specialise-de-sante-mentale\/programme-regional-de-traitement-des-demences-pavillon-du-chene\/","og_locale":"fr_FR","og_type":"article","og_title":"Programme r\u00e9gional de traitement des d\u00e9mences (Pavillon du ch\u00eane)","og_description":"Le programme r\u00e9gional de soins aux personnes atteintes de d\u00e9mence offre une \u00e9valuation et un traitement sp\u00e9cialis\u00e9s des patients atteints de d\u00e9mence li\u00e9e \u00e0 l'\u00e2ge","og_url":"https:\/\/nbrhc.on.ca\/fr\/programme-et-services\/programmes-et-services-de-sante-mentale\/programme-regional-specialise-de-sante-mentale\/programme-regional-de-traitement-des-demences-pavillon-du-chene\/","og_site_name":"NBRHC","article_publisher":"https:\/\/www.facebook.com\/nbrhc","article_modified_time":"2021-08-19T17:29:49+00:00","og_image":[{"width":619,"height":619,"url":"https:\/\/nbrhc.on.ca\/wp-content\/uploads\/2015\/07\/icon_col.jpeg","type":"image\/jpeg"}],"twitter_misc":{"Dur\u00e9e de lecture estim\u00e9e":"1 minute"},"schema":{"@context":"https:\/\/schema.org","@graph":[{"@type":"WebPage","@id":"https:\/\/nbrhc.on.ca\/fr\/programme-et-services\/programmes-et-services-de-sante-mentale\/programme-regional-specialise-de-sante-mentale\/programme-regional-de-traitement-des-demences-pavillon-du-chene\/","url":"https:\/\/nbrhc.on.ca\/fr\/programme-et-services\/programmes-et-services-de-sante-mentale\/programme-regional-specialise-de-sante-mentale\/programme-regional-de-traitement-des-demences-pavillon-du-chene\/","name":"Programme r\u00e9gional de traitement des d\u00e9mences (Pavillon du ch\u00eane)","isPartOf":{"@id":"https:\/\/nbrhc.on.ca\/#website"},"datePublished":"2014-04-24T12:58:29+00:00","dateModified":"2021-08-19T17:29:49+00:00","description":"Le programme r\u00e9gional de soins aux personnes atteintes de d\u00e9mence offre une \u00e9valuation et un traitement sp\u00e9cialis\u00e9s des patients atteints de d\u00e9mence li\u00e9e \u00e0 l'\u00e2ge","breadcrumb":{"@id":"https:\/\/nbrhc.on.ca\/fr\/programme-et-services\/programmes-et-services-de-sante-mentale\/programme-regional-specialise-de-sante-mentale\/programme-regional-de-traitement-des-demences-pavillon-du-chene\/#breadcrumb"},"inLanguage":"fr-FR","potentialAction":[{"@type":"ReadAction","target":["https:\/\/nbrhc.on.ca\/fr\/programme-et-services\/programmes-et-services-de-sante-mentale\/programme-regional-specialise-de-sante-mentale\/programme-regional-de-traitement-des-demences-pavillon-du-chene\/"]}]},{"@type":"BreadcrumbList","@id":"https:\/\/nbrhc.on.ca\/fr\/programme-et-services\/programmes-et-services-de-sante-mentale\/programme-regional-specialise-de-sante-mentale\/programme-regional-de-traitement-des-demences-pavillon-du-chene\/#breadcrumb","itemListElement":[{"@type":"ListItem","position":1,"name":"Home","item":"https:\/\/nbrhc.on.ca\/fr\/"},{"@type":"ListItem","position":2,"name":"Programmes et services","item":"https:\/\/nbrhc.on.ca\/fr\/programme-et-services\/"},{"@type":"ListItem","position":3,"name":"Programmes et services de sant\u00e9 mentale","item":"https:\/\/nbrhc.on.ca\/fr\/programme-et-services\/programmes-et-services-de-sante-mentale\/"},{"@type":"ListItem","position":4,"name":"Programme r\u00e9gional sp\u00e9cialis\u00e9 de sant\u00e9 mentale","item":"https:\/\/nbrhc.on.ca\/fr\/programme-et-services\/programmes-et-services-de-sante-mentale\/programme-regional-specialise-de-sante-mentale\/"},{"@type":"ListItem","position":5,"name":"Programme r\u00e9gional de traitement des d\u00e9mences (Pavillon du ch\u00eane)"}]},{"@type":"WebSite","@id":"https:\/\/nbrhc.on.ca\/#website","url":"https:\/\/nbrhc.on.ca\/","name":"NBRHC","description":"North Bay Regional Health Centre","publisher":{"@id":"https:\/\/nbrhc.on.ca\/#organization"},"potentialAction":[{"@type":"SearchAction","target":{"@type":"EntryPoint","urlTemplate":"https:\/\/nbrhc.on.ca\/?s={search_term_string}"},"query-input":{"@type":"PropertyValueSpecification","valueRequired":true,"valueName":"search_term_string"}}],"inLanguage":"fr-FR"},{"@type":"Organization","@id":"https:\/\/nbrhc.on.ca\/#organization","name":"North Bay Regional Health Centre","url":"https:\/\/nbrhc.on.ca\/","logo":{"@type":"ImageObject","inLanguage":"fr-FR","@id":"https:\/\/nbrhc.on.ca\/#\/schema\/logo\/image\/","url":"https:\/\/nbrhc.on.ca\/wp-content\/uploads\/2015\/07\/logo.jpg","contentUrl":"https:\/\/nbrhc.on.ca\/wp-content\/uploads\/2015\/07\/logo.jpg","width":870,"height":128,"caption":"North Bay Regional Health Centre"},"image":{"@id":"https:\/\/nbrhc.on.ca\/#\/schema\/logo\/image\/"},"sameAs":["https:\/\/www.facebook.com\/nbrhc","https:\/\/x.com\/NBRHC","https:\/\/www.linkedin.com\/company\/north-bay-regional-health-centre-nbrhc","https:\/\/www.pinterest.com\/nbrhc","https:\/\/www.youtube.com\/TheNBRHC"]}]}},"_links":{"self":[{"href":"https:\/\/nbrhc.on.ca\/fr\/wp-json\/wp\/v2\/pages\/2571","targetHints":{"allow":["GET"]}}],"collection":[{"href":"https:\/\/nbrhc.on.ca\/fr\/wp-json\/wp\/v2\/pages"}],"about":[{"href":"https:\/\/nbrhc.on.ca\/fr\/wp-json\/wp\/v2\/types\/page"}],"author":[{"embeddable":true,"href":"https:\/\/nbrhc.on.ca\/fr\/wp-json\/wp\/v2\/users\/17"}],"replies":[{"embeddable":true,"href":"https:\/\/nbrhc.on.ca\/fr\/wp-json\/wp\/v2\/comments?post=2571"}],"version-history":[{"count":2,"href":"https:\/\/nbrhc.on.ca\/fr\/wp-json\/wp\/v2\/pages\/2571\/revisions"}],"predecessor-version":[{"id":23974,"href":"https:\/\/nbrhc.on.ca\/fr\/wp-json\/wp\/v2\/pages\/2571\/revisions\/23974"}],"up":[{"embeddable":true,"href":"https:\/\/nbrhc.on.ca\/fr\/wp-json\/wp\/v2\/pages\/3003"}],"wp:attachment":[{"href":"https:\/\/nbrhc.on.ca\/fr\/wp-json\/wp\/v2\/media?parent=2571"}],"wp:term":[{"taxonomy":"post_tag","embeddable":true,"href":"https:\/\/nbrhc.on.ca\/fr\/wp-json\/wp\/v2\/tags?post=2571"}],"curies":[{"name":"wp","href":"https:\/\/api.w.org\/{rel}","templated":true}]}}